{"id":6270,"date":"2023-02-01T18:51:24","date_gmt":"2023-02-01T17:51:24","guid":{"rendered":"https:\/\/mto.org\/?page_id=5740"},"modified":"2023-02-01T18:51:24","modified_gmt":"2023-02-01T17:51:24","slug":"unser-beitrag","status":"publish","type":"page","link":"https:\/\/mto.org\/de\/nachrichten-und-geschichten\/unser-beitrag\/","title":{"rendered":"Unser Beitrag"},"content":{"rendered":"[vc_row column_spacing=&#8220;0px&#8220; css=&#8220;.vc_custom_1663606677048{margin-bottom: 80px !important;padding-top: 80px !important;}&#8220;][vc_column]<h4 class=\"vcex-heading vcex-module wpex-text-2xl wpex-font-normal wpex-m-auto wpex-max-w-100 vcex-heading-plain wpex-h4 wpex-block wpex-mb-0\"><span class=\"vcex-heading-inner wpex-inline-block wpex-clr\">Archiv<\/span><\/h4><h2 class=\"vcex-heading vcex-module wpex-text-2xl wpex-font-normal wpex-m-auto wpex-max-w-100 vcex-heading-plain wpex-h2 wpex-block\"><span class=\"vcex-heading-inner wpex-inline-block wpex-clr\">Unser Beitrag<\/span><\/h2>[vc_separator color=&#8220;black&#8220; css=&#8220;.vc_custom_1663609128836{margin-bottom: 8px !important;}&#8220;][vc_row_inner gap=&#8220;4&#8243; css=&#8220;.vc_custom_1663609203374{padding-right: 8px !important;padding-left: 8px !important;}&#8220;][vc_column_inner width=&#8220;1\/4&#8243;]<h3 class=\"vcex-heading vcex-module wpex-text-2xl wpex-font-normal wpex-m-auto wpex-max-w-100 vcex-heading-plain wpex-h3 wpex-block vc_custom_1674918337145 transition-all\" data-wpex-hover=\"{&quot;color&quot;:&quot;#ffffff&quot;,&quot;background&quot;:&quot;#f2a81d&quot;}\"><a href=\"https:\/\/mto.org\/de\/nachrichten-und-geschichten\/\" title=\"News & Events\" class=\"wpex-no-underline wpex-inherit-color wpex-block\"\"><span class=\"vcex-heading-inner wpex-inline-block wpex-clr\"><span class=\"vcex-icon-wrap wpex-mr-15\" style=\"color:#f2a81d;\"><span class=\"far fa-address-card\" aria-hidden=\"true\"><\/span><\/span>Alle Nachrichten sehen <span class=\"wpex-badge\">Blog<\/span><\/span><\/a><\/h3>[\/vc_column_inner][vc_column_inner width=&#8220;1\/4&#8243;]<h3 class=\"vcex-heading vcex-module wpex-text-2xl wpex-font-normal wpex-m-auto wpex-max-w-100 vcex-heading-plain wpex-h3 wpex-block vc_custom_1674918349326 transition-all\" data-wpex-hover=\"{&quot;color&quot;:&quot;#ffffff&quot;,&quot;background&quot;:&quot;#34bfa6&quot;}\"><a href=\"https:\/\/mto.org\/de\/presseraum\/\" title=\"Presseraum\" class=\"wpex-no-underline wpex-inherit-color wpex-block\"\"><span class=\"vcex-heading-inner wpex-inline-block wpex-clr\"><span class=\"vcex-icon-wrap wpex-mr-15\" style=\"color:#34bfa6;\"><span class=\"far fa-address-card\" aria-hidden=\"true\"><\/span><\/span>Presseraum <span class=\"wpex-badge\">Medien &amp; Kontakte<\/span><\/span><\/a><\/h3>[\/vc_column_inner][vc_column_inner width=&#8220;1\/4&#8243;][\/vc_column_inner][vc_column_inner width=&#8220;1\/4&#8243;]<div class=\"vcex-module wpex-social-btns vcex-social-btns textright wpex-last-mr-0\"><a  href=\"https:\/\/www.instagram.com\/mtoshahmaghsoudi\/\" class=\"wpex-social-btn wpex-social-btn-no-style wpex-mb-5 wpex-mr-5 hvr hvr-grow vc_custom_1663609478444 wpex-instagram\" target=\"_blank\" rel=\"noopener noreferrer\"><span class=\"ticon ticon-instagram\" aria-hidden=\"true\"><\/span><span class=\"screen-reader-text\">Instagram<\/span><\/a><a  href=\"https:\/\/twitter.com\/mtoshahmaghsoud\" class=\"wpex-social-btn wpex-social-btn-no-style wpex-mb-5 wpex-mr-5 hvr hvr-grow vc_custom_1663609478444 wpex-twitter\" target=\"_blank\" rel=\"noopener noreferrer\"><span class=\"ticon ticon-twitter\" aria-hidden=\"true\"><\/span><span class=\"screen-reader-text\">Twitter<\/span><\/a><a  href=\"https:\/\/www.facebook.com\/mtoshahmaghsoudi\" class=\"wpex-social-btn wpex-social-btn-no-style wpex-mb-5 wpex-mr-5 hvr hvr-grow vc_custom_1663609478444 wpex-facebook\" target=\"_blank\" rel=\"noopener noreferrer\"><span class=\"ticon ticon-facebook\" aria-hidden=\"true\"><\/span><span class=\"screen-reader-text\">Facebook<\/span><\/a><a  href=\"https:\/\/vimeo.com\/user103184170\" class=\"wpex-social-btn wpex-social-btn-no-style wpex-mb-5 wpex-mr-5 hvr hvr-grow vc_custom_1663609478444 wpex-vimeo\" target=\"_blank\" rel=\"noopener noreferrer\"><span class=\"ticon ticon-vimeo\" aria-hidden=\"true\"><\/span><span class=\"screen-reader-text\">Vimeo<\/span><\/a><a  href=\"https:\/\/www.linkedin.com\/company\/mtoshahmaghsoudi\/\" class=\"wpex-social-btn wpex-social-btn-no-style wpex-mb-5 wpex-mr-5 hvr hvr-grow vc_custom_1663609478444 wpex-linkedin\" target=\"_blank\" rel=\"noopener noreferrer\"><span class=\"ticon ticon-linkedin\" aria-hidden=\"true\"><\/span><span class=\"screen-reader-text\">Linkedin<\/span><\/a><\/div>[\/vc_column_inner][\/vc_row_inner][\/vc_column][\/vc_row][vc_row][vc_column]<div class=\"vcex-module vcex-blog-grid-wrap wpex-clr\"><div class=\"wpex-row vcex-blog-grid wpex-clr entries vcex-isotope-grid\"><div class=\"vcex-blog-entry vcex-grid-item entry-has-details span_1_of_4 span_1_of_4_tl span_1_of_4_tp span_1_of_2_pl span_1_of_2_pp col-1 col vcex-isotope-entry post-25272 entry type-post has-media cat-68 cat-575 cat-42 cat-61 cat-75 cat-575 translation_priority-52\"><div class=\"vcex-blog-entry-inner entry-inner wpex-first-mt-0 wpex-last-mb-0 wpex-clr\"><div class=\"vcex-blog-entry-media entry-media\"><a href=\"https:\/\/mto.org\/de\/firmlinge-der-katholischen-kirche-zu-besuch-bei-mto-duesseldorf\/\" title=\"Firmlinge der katholischen Kirche zu Besuch bei MTO D\u00fcsseldorf\"><img loading=\"lazy\" decoding=\"async\" data-no-lazy=\"1\" class=\"vcex-blog-entry-img wpex-align-middle skip-lazy\" src=\"https:\/\/mto.org\/wp-content\/uploads\/2025\/04\/Firmlinge-der-katholischen-Kirche-zu-Besuch-bei-MTO-Duesseldorf-1.jpeg\" alt=\"\" width=\"1536\" height=\"1536\" \/><\/a><\/div><div class=\"vcex-blog-entry-details entry-details wpex-bordered wpex-first-mt-0 wpex-last-mb-0 wpex-clr\"><h3 class=\"vcex-blog-entry-title entry-title wpex-mb-5\"><a href=\"https:\/\/mto.org\/de\/firmlinge-der-katholischen-kirche-zu-besuch-bei-mto-duesseldorf\/\">Firmlinge der katholischen Kirche zu Besuch bei MTO D\u00fcsseldorf<\/a><\/h3><div class=\"vcex-blog-entry-date entry-date wpex-text-sm wpex-text-gray-600 wpex-mb-5\" style=\"color:#f2a81d;font-size:11px;\">31. M\u00e4rz 2025<\/div><div class=\"vcex-blog-entry-excerpt entry-excerpt wpex-my-15 wpex-last-mb-0 wpex-clr\"><p>Zu Eid-al-Fitr hatten wir die Freude, die Firmlinge der katholischen Kirche in MTO willkommen zu&hellip;<\/p><\/div><div class=\"vcex-blog-entry-readmore-wrap entry-readmore-wrap wpex-my-15 wpex-clr\"><a href=\"https:\/\/mto.org\/de\/firmlinge-der-katholischen-kirche-zu-besuch-bei-mto-duesseldorf\/\" class=\"theme-button\">weiterlesen <span class=\"vcex-readmore-rarr\">&rarr;<\/span><\/a><\/div><\/div><\/div><\/div><div class=\"vcex-blog-entry vcex-grid-item entry-has-details span_1_of_4 span_1_of_4_tl span_1_of_4_tp span_1_of_2_pl span_1_of_2_pp col-2 col vcex-isotope-entry post-23416 entry type-post has-media cat-68 cat-575 cat-62 cat-61 translation_priority-52\"><div class=\"vcex-blog-entry-inner entry-inner wpex-first-mt-0 wpex-last-mb-0 wpex-clr\"><div class=\"vcex-blog-entry-media entry-media\"><a href=\"https:\/\/mto.org\/de\/kreativitaet-kennt-kein-alter\/\" title=\"Kreativit\u00e4t kennt kein Alter!\"><img loading=\"lazy\" decoding=\"async\" data-no-lazy=\"1\" class=\"vcex-blog-entry-img wpex-align-middle skip-lazy\" src=\"https:\/\/mto.org\/wp-content\/uploads\/2024\/12\/Basteln-Caritas-Koeln-Nov-24-1.jpg\" alt=\"\" width=\"1080\" height=\"1080\" \/><\/a><\/div><div class=\"vcex-blog-entry-details entry-details wpex-bordered wpex-first-mt-0 wpex-last-mb-0 wpex-clr\"><h3 class=\"vcex-blog-entry-title entry-title wpex-mb-5\"><a href=\"https:\/\/mto.org\/de\/kreativitaet-kennt-kein-alter\/\">Kreativit\u00e4t kennt kein Alter!<\/a><\/h3><div class=\"vcex-blog-entry-date entry-date wpex-text-sm wpex-text-gray-600 wpex-mb-5\" style=\"color:#f2a81d;font-size:11px;\">16. November 2024<\/div><div class=\"vcex-blog-entry-excerpt entry-excerpt wpex-my-15 wpex-last-mb-0 wpex-clr\"><p>Am 09.11.2024 hatten wir erneut die gro\u00dfe Freude, das Kinderbasteln im Rahmen der Finissage der&hellip;<\/p><\/div><div class=\"vcex-blog-entry-readmore-wrap entry-readmore-wrap wpex-my-15 wpex-clr\"><a href=\"https:\/\/mto.org\/de\/kreativitaet-kennt-kein-alter\/\" class=\"theme-button\">weiterlesen <span class=\"vcex-readmore-rarr\">&rarr;<\/span><\/a><\/div><\/div><\/div><\/div><div class=\"vcex-blog-entry vcex-grid-item entry-has-details span_1_of_4 span_1_of_4_tl span_1_of_4_tp span_1_of_2_pl span_1_of_2_pp col-3 col vcex-isotope-entry post-22900 entry type-post has-media cat-68 cat-575 cat-61 translation_priority-52\"><div class=\"vcex-blog-entry-inner entry-inner wpex-first-mt-0 wpex-last-mb-0 wpex-clr\"><div class=\"vcex-blog-entry-media entry-media\"><a href=\"https:\/\/mto.org\/de\/zertifikatsverleihung-fuer-multiplikatorim-projekt-empower-dich-fuer-vielfalt\/\" title=\"Zertifikatsverleihung f\u00fcr Multiplikatorim Projekt \u201eEmpower Dich f\u00fcr Vielfalt\u201c\"><img loading=\"lazy\" decoding=\"async\" data-no-lazy=\"1\" class=\"vcex-blog-entry-img wpex-align-middle skip-lazy\" src=\"https:\/\/mto.org\/wp-content\/uploads\/2024\/10\/Zertifikatsverleihung-im-Projekt-\u201eEmpower-Dich-fuer-Vielfalt.jpg\" alt=\"\" width=\"1080\" height=\"1080\" \/><\/a><\/div><div class=\"vcex-blog-entry-details entry-details wpex-bordered wpex-first-mt-0 wpex-last-mb-0 wpex-clr\"><h3 class=\"vcex-blog-entry-title entry-title wpex-mb-5\"><a href=\"https:\/\/mto.org\/de\/zertifikatsverleihung-fuer-multiplikatorim-projekt-empower-dich-fuer-vielfalt\/\">Zertifikatsverleihung f\u00fcr Multiplikatorim Projekt \u201eEmpower Dich f\u00fcr Vielfalt\u201c<\/a><\/h3><div class=\"vcex-blog-entry-date entry-date wpex-text-sm wpex-text-gray-600 wpex-mb-5\" style=\"color:#f2a81d;font-size:11px;\">18. September 2024<\/div><div class=\"vcex-blog-entry-excerpt entry-excerpt wpex-my-15 wpex-last-mb-0 wpex-clr\"><p>Die Sch\u00fcler:innen der MTO haben erfolgreich ihre Qualifikation als Multiplikatorim Projekt \u201eEmpower Dich f\u00fcr Vielfalt\u201c&hellip;<\/p><\/div><div class=\"vcex-blog-entry-readmore-wrap entry-readmore-wrap wpex-my-15 wpex-clr\"><a href=\"https:\/\/mto.org\/de\/zertifikatsverleihung-fuer-multiplikatorim-projekt-empower-dich-fuer-vielfalt\/\" class=\"theme-button\">weiterlesen <span class=\"vcex-readmore-rarr\">&rarr;<\/span><\/a><\/div><\/div><\/div><\/div><div class=\"vcex-blog-entry vcex-grid-item entry-has-details span_1_of_4 span_1_of_4_tl span_1_of_4_tp span_1_of_2_pl span_1_of_2_pp col-4 col vcex-isotope-entry post-22470 entry type-post has-media cat-68 cat-575 cat-39 cat-565 translation_priority-52\"><div class=\"vcex-blog-entry-inner entry-inner wpex-first-mt-0 wpex-last-mb-0 wpex-clr\"><div class=\"vcex-blog-entry-media entry-media\"><a href=\"https:\/\/mto.org\/de\/praesentation-von-mto-projekten-an-der-university-of-applied-sciences-frankfurt\/\" title=\"Pr\u00e4sentation von MTO-Projekten an der University of Applied Sciences Frankfurt\"><img loading=\"lazy\" decoding=\"async\" data-no-lazy=\"1\" class=\"vcex-blog-entry-img wpex-align-middle skip-lazy\" src=\"https:\/\/mto.org\/wp-content\/uploads\/2024\/07\/Praesentation-von-MTO-Projekten-an-der-University-of-Applied-Sciences-Frankfurt-Juli-24-2.jpg\" alt=\"\" width=\"1440\" height=\"1800\" \/><\/a><\/div><div class=\"vcex-blog-entry-details entry-details wpex-bordered wpex-first-mt-0 wpex-last-mb-0 wpex-clr\"><h3 class=\"vcex-blog-entry-title entry-title wpex-mb-5\"><a href=\"https:\/\/mto.org\/de\/praesentation-von-mto-projekten-an-der-university-of-applied-sciences-frankfurt\/\">Pr\u00e4sentation von MTO-Projekten an der University of Applied Sciences Frankfurt<\/a><\/h3><div class=\"vcex-blog-entry-date entry-date wpex-text-sm wpex-text-gray-600 wpex-mb-5\" style=\"color:#f2a81d;font-size:11px;\">14. Juli 2024<\/div><div class=\"vcex-blog-entry-excerpt entry-excerpt wpex-my-15 wpex-last-mb-0 wpex-clr\"><p>Am 12. Juli stellten wir Studierenden der University of applied Sciences Frankfurt Fachbereich Soziale Arbeit&hellip;<\/p><\/div><div class=\"vcex-blog-entry-readmore-wrap entry-readmore-wrap wpex-my-15 wpex-clr\"><a href=\"https:\/\/mto.org\/de\/praesentation-von-mto-projekten-an-der-university-of-applied-sciences-frankfurt\/\" class=\"theme-button\">weiterlesen <span class=\"vcex-readmore-rarr\">&rarr;<\/span><\/a><\/div><\/div><\/div><\/div><div class=\"vcex-blog-entry vcex-grid-item entry-has-details span_1_of_4 span_1_of_4_tl span_1_of_4_tp span_1_of_2_pl span_1_of_2_pp col-1 col vcex-isotope-entry post-22166 entry type-post has-media cat-68 cat-575 cat-42 cat-61 translation_priority-52\"><div class=\"vcex-blog-entry-inner entry-inner wpex-first-mt-0 wpex-last-mb-0 wpex-clr\"><div class=\"vcex-blog-entry-media entry-media\"><a href=\"https:\/\/mto.org\/de\/mto-jugendtreffen-sufismus-und-gemeinschaft\/\" title=\"MTO Jugendtreffen: Sufismus und Gemeinschaft\"><img loading=\"lazy\" decoding=\"async\" data-no-lazy=\"1\" class=\"vcex-blog-entry-img wpex-align-middle skip-lazy\" src=\"https:\/\/mto.org\/wp-content\/uploads\/2024\/07\/MTO-Jugendtreff-Juni-24-4.jpg\" alt=\"\" width=\"1440\" height=\"1084\" \/><\/a><\/div><div class=\"vcex-blog-entry-details entry-details wpex-bordered wpex-first-mt-0 wpex-last-mb-0 wpex-clr\"><h3 class=\"vcex-blog-entry-title entry-title wpex-mb-5\"><a href=\"https:\/\/mto.org\/de\/mto-jugendtreffen-sufismus-und-gemeinschaft\/\">MTO Jugendtreffen: Sufismus und Gemeinschaft<\/a><\/h3><div class=\"vcex-blog-entry-date entry-date wpex-text-sm wpex-text-gray-600 wpex-mb-5\" style=\"color:#f2a81d;font-size:11px;\">9. Juni 2024<\/div><div class=\"vcex-blog-entry-excerpt entry-excerpt wpex-my-15 wpex-last-mb-0 wpex-clr\"><p>Am 09. Juni 24 haben sich ein paar unserer Jugendlichen in MTO D\u00fcsseldorf als Startschuss&hellip;<\/p><\/div><div class=\"vcex-blog-entry-readmore-wrap entry-readmore-wrap wpex-my-15 wpex-clr\"><a href=\"https:\/\/mto.org\/de\/mto-jugendtreffen-sufismus-und-gemeinschaft\/\" class=\"theme-button\">weiterlesen <span class=\"vcex-readmore-rarr\">&rarr;<\/span><\/a><\/div><\/div><\/div><\/div><div class=\"vcex-blog-entry vcex-grid-item entry-has-details span_1_of_4 span_1_of_4_tl span_1_of_4_tp span_1_of_2_pl span_1_of_2_pp col-2 col vcex-isotope-entry post-21066 entry type-post has-media cat-68 cat-575 cat-39 cat-565 translation_priority-52\"><div class=\"vcex-blog-entry-inner entry-inner wpex-first-mt-0 wpex-last-mb-0 wpex-clr\"><div class=\"vcex-blog-entry-media entry-media\"><a href=\"https:\/\/mto.org\/de\/engagement-fuer-vielfalt-mto-schuelerinnen-bei-der-qualifizierung-zur-multiplikation-in-frankfurt\/\" title=\"Engagement f\u00fcr Vielfalt: MTO-Sch\u00fcler:innen bei der Qualifizierung zur Multiplikation in Frankfurt\"><img loading=\"lazy\" decoding=\"async\" data-no-lazy=\"1\" class=\"vcex-blog-entry-img wpex-align-middle skip-lazy\" src=\"https:\/\/mto.org\/wp-content\/uploads\/2024\/02\/MTO-Schueler_innen-bei-der-Qualifizierung-zur-Multiplikation-in-Frankfurt_3.jpg\" alt=\"\" width=\"1440\" height=\"1080\" \/><\/a><\/div><div class=\"vcex-blog-entry-details entry-details wpex-bordered wpex-first-mt-0 wpex-last-mb-0 wpex-clr\"><h3 class=\"vcex-blog-entry-title entry-title wpex-mb-5\"><a href=\"https:\/\/mto.org\/de\/engagement-fuer-vielfalt-mto-schuelerinnen-bei-der-qualifizierung-zur-multiplikation-in-frankfurt\/\">Engagement f\u00fcr Vielfalt: MTO-Sch\u00fcler:innen bei der Qualifizierung zur Multiplikation in Frankfurt<\/a><\/h3><div class=\"vcex-blog-entry-date entry-date wpex-text-sm wpex-text-gray-600 wpex-mb-5\" style=\"color:#f2a81d;font-size:11px;\">18. Februar 2024<\/div><div class=\"vcex-blog-entry-excerpt entry-excerpt wpex-my-15 wpex-last-mb-0 wpex-clr\"><p>Zehn MTO-Sch\u00fcler:innen aus K\u00f6ln, D\u00fcsseldorf, Hannover, Frankfurt und Hamburg haben am Wochenende an der Auftaktveranstaltung&hellip;<\/p><\/div><div class=\"vcex-blog-entry-readmore-wrap entry-readmore-wrap wpex-my-15 wpex-clr\"><a href=\"https:\/\/mto.org\/de\/engagement-fuer-vielfalt-mto-schuelerinnen-bei-der-qualifizierung-zur-multiplikation-in-frankfurt\/\" class=\"theme-button\">weiterlesen <span class=\"vcex-readmore-rarr\">&rarr;<\/span><\/a><\/div><\/div><\/div><\/div><div class=\"vcex-blog-entry vcex-grid-item entry-has-details span_1_of_4 span_1_of_4_tl span_1_of_4_tp span_1_of_2_pl span_1_of_2_pp col-3 col vcex-isotope-entry post-3776 entry type-post has-media cat-68 cat-575 cat-42 cat-61 translation_priority-51\"><div class=\"vcex-blog-entry-inner entry-inner wpex-first-mt-0 wpex-last-mb-0 wpex-clr\"><div class=\"vcex-blog-entry-media entry-media\"><a href=\"https:\/\/mto.org\/de\/tablet-und-masken-spende-das-kid-duesseldorf\/\" title=\"Tablet und Masken Spende an das KiD D\u00fcsseldorf\"><img loading=\"lazy\" decoding=\"async\" data-no-lazy=\"1\" class=\"vcex-blog-entry-img wpex-align-middle skip-lazy\" src=\"https:\/\/mto.org\/wp-content\/uploads\/2021\/04\/IMG_9695-scaled-1.jpg\" alt=\"\" width=\"2560\" height=\"2032\" \/><\/a><\/div><div class=\"vcex-blog-entry-details entry-details wpex-bordered wpex-first-mt-0 wpex-last-mb-0 wpex-clr\"><h3 class=\"vcex-blog-entry-title entry-title wpex-mb-5\"><a href=\"https:\/\/mto.org\/de\/tablet-und-masken-spende-das-kid-duesseldorf\/\">Tablet und Masken Spende an das KiD D\u00fcsseldorf<\/a><\/h3><div class=\"vcex-blog-entry-date entry-date wpex-text-sm wpex-text-gray-600 wpex-mb-5\" style=\"color:#f2a81d;font-size:11px;\">2. Mai 2021<\/div><div class=\"vcex-blog-entry-excerpt entry-excerpt wpex-my-15 wpex-last-mb-0 wpex-clr\"><p>Kinder und Jugendliche leiden unter den Einschr\u00e4nkungen der Pandemie ganz besonders, da ein geregelter Alltag&hellip;<\/p><\/div><div class=\"vcex-blog-entry-readmore-wrap entry-readmore-wrap wpex-my-15 wpex-clr\"><a href=\"https:\/\/mto.org\/de\/tablet-und-masken-spende-das-kid-duesseldorf\/\" class=\"theme-button\">weiterlesen <span class=\"vcex-readmore-rarr\">&rarr;<\/span><\/a><\/div><\/div><\/div><\/div><div class=\"vcex-blog-entry vcex-grid-item entry-has-details span_1_of_4 span_1_of_4_tl span_1_of_4_tp span_1_of_2_pl span_1_of_2_pp col-4 col vcex-isotope-entry post-3525 entry type-post has-media cat-68 cat-575 cat-42 cat-61 translation_priority-51\"><div class=\"vcex-blog-entry-inner entry-inner wpex-first-mt-0 wpex-last-mb-0 wpex-clr\"><div class=\"vcex-blog-entry-media entry-media\"><a href=\"https:\/\/mto.org\/de\/digitale-karnevalsfeier-mit-den-kindern-der-arche-zeiten-der-corona-pandemie\/\" title=\"Digitale Karnevalsfeier mit den Kindern der Arche in Zeiten der Corona-Pandemie\"><img loading=\"lazy\" decoding=\"async\" data-no-lazy=\"1\" class=\"vcex-blog-entry-img wpex-align-middle skip-lazy\" src=\"https:\/\/mto.org\/wp-content\/uploads\/2021\/02\/IMG_8786-scaled-1.jpeg\" alt=\"\" width=\"2560\" height=\"2310\" \/><\/a><\/div><div class=\"vcex-blog-entry-details entry-details wpex-bordered wpex-first-mt-0 wpex-last-mb-0 wpex-clr\"><h3 class=\"vcex-blog-entry-title entry-title wpex-mb-5\"><a href=\"https:\/\/mto.org\/de\/digitale-karnevalsfeier-mit-den-kindern-der-arche-zeiten-der-corona-pandemie\/\">Digitale Karnevalsfeier mit den Kindern der Arche in Zeiten der Corona-Pandemie<\/a><\/h3><div class=\"vcex-blog-entry-date entry-date wpex-text-sm wpex-text-gray-600 wpex-mb-5\" style=\"color:#f2a81d;font-size:11px;\">14. Februar 2021<\/div><div class=\"vcex-blog-entry-excerpt entry-excerpt wpex-my-15 wpex-last-mb-0 wpex-clr\"><p>Karneval wird im Rheinland bekannterma\u00dfen immer gro\u00df gefeiert. So auch in der Arche D\u00fcsseldorf. Seit&hellip;<\/p><\/div><div class=\"vcex-blog-entry-readmore-wrap entry-readmore-wrap wpex-my-15 wpex-clr\"><a href=\"https:\/\/mto.org\/de\/digitale-karnevalsfeier-mit-den-kindern-der-arche-zeiten-der-corona-pandemie\/\" class=\"theme-button\">weiterlesen <span class=\"vcex-readmore-rarr\">&rarr;<\/span><\/a><\/div><\/div><\/div><\/div><div class=\"vcex-blog-entry vcex-grid-item entry-has-details span_1_of_4 span_1_of_4_tl span_1_of_4_tp span_1_of_2_pl span_1_of_2_pp col-1 col vcex-isotope-entry post-3456 entry type-post has-media cat-68 cat-575 cat-39 cat-565 cat-69 cat-575 translation_priority-51\"><div class=\"vcex-blog-entry-inner entry-inner wpex-first-mt-0 wpex-last-mb-0 wpex-clr\"><div class=\"vcex-blog-entry-media entry-media\"><a href=\"https:\/\/mto.org\/de\/gewappnet-fuer-den-fruehling-sind-die-kinder-und-jugendliche-des-kinderhaus-jona-offenbach\/\" title=\"Gewappnet f\u00fcr den Fr\u00fchling sind die Kinder und Jugendliche des Kinderhaus Jona in Offenbach\"><img loading=\"lazy\" decoding=\"async\" data-no-lazy=\"1\" class=\"vcex-blog-entry-img wpex-align-middle skip-lazy\" src=\"https:\/\/mto.org\/wp-content\/uploads\/2021\/02\/image0.jpeg\" alt=\"\" width=\"1024\" height=\"768\" \/><\/a><\/div><div class=\"vcex-blog-entry-details entry-details wpex-bordered wpex-first-mt-0 wpex-last-mb-0 wpex-clr\"><h3 class=\"vcex-blog-entry-title entry-title wpex-mb-5\"><a href=\"https:\/\/mto.org\/de\/gewappnet-fuer-den-fruehling-sind-die-kinder-und-jugendliche-des-kinderhaus-jona-offenbach\/\">Gewappnet f\u00fcr den Fr\u00fchling sind die Kinder und Jugendliche des Kinderhaus Jona in Offenbach<\/a><\/h3><div class=\"vcex-blog-entry-date entry-date wpex-text-sm wpex-text-gray-600 wpex-mb-5\" style=\"color:#f2a81d;font-size:11px;\">5. Februar 2021<\/div><div class=\"vcex-blog-entry-excerpt entry-excerpt wpex-my-15 wpex-last-mb-0 wpex-clr\"><p>Anl\u00e4sslich des globalen Aktions \u201eLaunch of Enviroment Initiative\u201c und zur Ank\u00fcndigung Neujahrsfestes \u201eNorouz\u201c, \u00fcberreichten wir&hellip;<\/p><\/div><div class=\"vcex-blog-entry-readmore-wrap entry-readmore-wrap wpex-my-15 wpex-clr\"><a href=\"https:\/\/mto.org\/de\/gewappnet-fuer-den-fruehling-sind-die-kinder-und-jugendliche-des-kinderhaus-jona-offenbach\/\" class=\"theme-button\">weiterlesen <span class=\"vcex-readmore-rarr\">&rarr;<\/span><\/a><\/div><\/div><\/div><\/div><div class=\"vcex-blog-entry vcex-grid-item entry-has-details span_1_of_4 span_1_of_4_tl span_1_of_4_tp span_1_of_2_pl span_1_of_2_pp col-2 col vcex-isotope-entry post-5237 entry type-post has-media cat-68 cat-575 cat-39 cat-565 translation_priority-51\"><div class=\"vcex-blog-entry-inner entry-inner wpex-first-mt-0 wpex-last-mb-0 wpex-clr\"><div class=\"vcex-blog-entry-media entry-media\"><a href=\"https:\/\/mto.org\/de\/verein-krebskranke-kinder-frankfurt\/\" title=\"Verein krebskranke Kinder in Frankfurt\"><img loading=\"lazy\" decoding=\"async\" data-no-lazy=\"1\" class=\"vcex-blog-entry-img wpex-align-middle skip-lazy\" src=\"https:\/\/mto.org\/wp-content\/uploads\/2020\/11\/PHOTO-2020-11-22-22-14-00.jpg\" alt=\"\" width=\"1024\" height=\"777\" \/><\/a><\/div><div class=\"vcex-blog-entry-details entry-details wpex-bordered wpex-first-mt-0 wpex-last-mb-0 wpex-clr\"><h3 class=\"vcex-blog-entry-title entry-title wpex-mb-5\"><a href=\"https:\/\/mto.org\/de\/verein-krebskranke-kinder-frankfurt\/\">Verein krebskranke Kinder in Frankfurt<\/a><\/h3><div class=\"vcex-blog-entry-date entry-date wpex-text-sm wpex-text-gray-600 wpex-mb-5\" style=\"color:#f2a81d;font-size:11px;\">22. November 2020<\/div><div class=\"vcex-blog-entry-excerpt entry-excerpt wpex-my-15 wpex-last-mb-0 wpex-clr\"><p>Heute, zum Weltkindertag am 20. November waren wir zur Besuch bei dem Verein Hilfe f\u00fcr&hellip;<\/p><\/div><div class=\"vcex-blog-entry-readmore-wrap entry-readmore-wrap wpex-my-15 wpex-clr\"><a href=\"https:\/\/mto.org\/de\/verein-krebskranke-kinder-frankfurt\/\" class=\"theme-button\">weiterlesen <span class=\"vcex-readmore-rarr\">&rarr;<\/span><\/a><\/div><\/div><\/div><\/div><div class=\"vcex-blog-entry vcex-grid-item entry-has-details span_1_of_4 span_1_of_4_tl span_1_of_4_tp span_1_of_2_pl span_1_of_2_pp col-3 col vcex-isotope-entry post-5218 entry type-post has-media cat-68 cat-575 cat-73 cat-575 cat-31 cat-570 cat-42 cat-61 translation_priority-51\"><div class=\"vcex-blog-entry-inner entry-inner wpex-first-mt-0 wpex-last-mb-0 wpex-clr\"><div class=\"vcex-blog-entry-media entry-media\"><a href=\"https:\/\/mto.org\/de\/lesen-mit-einem-partner-und-english-cafe\/\" title=\"Lesen mit einem Partner&#8220; und &#8222;The English Cafe\"><img loading=\"lazy\" decoding=\"async\" data-no-lazy=\"1\" class=\"vcex-blog-entry-img wpex-align-middle skip-lazy\" src=\"https:\/\/mto.org\/wp-content\/uploads\/2020\/09\/Arche-Lesepate-Sep-2020-6.jpg\" alt=\"\" width=\"1024\" height=\"768\" \/><\/a><\/div><div class=\"vcex-blog-entry-details entry-details wpex-bordered wpex-first-mt-0 wpex-last-mb-0 wpex-clr\"><h3 class=\"vcex-blog-entry-title entry-title wpex-mb-5\"><a href=\"https:\/\/mto.org\/de\/lesen-mit-einem-partner-und-english-cafe\/\">Lesen mit einem Partner&#8220; und &#8222;The English Cafe<\/a><\/h3><div class=\"vcex-blog-entry-date entry-date wpex-text-sm wpex-text-gray-600 wpex-mb-5\" style=\"color:#f2a81d;font-size:11px;\">21. September 2020<\/div><div class=\"vcex-blog-entry-excerpt entry-excerpt wpex-my-15 wpex-last-mb-0 wpex-clr\"><p>MTO freut sich, nach der langen Sperrzeit aufgrund von Covid-19 in die D\u00fcsseldorfer Arche zur\u00fcckzukehren.&hellip;<\/p><\/div><div class=\"vcex-blog-entry-readmore-wrap entry-readmore-wrap wpex-my-15 wpex-clr\"><a href=\"https:\/\/mto.org\/de\/lesen-mit-einem-partner-und-english-cafe\/\" class=\"theme-button\">weiterlesen <span class=\"vcex-readmore-rarr\">&rarr;<\/span><\/a><\/div><\/div><\/div><\/div><div class=\"vcex-blog-entry vcex-grid-item entry-has-details span_1_of_4 span_1_of_4_tl span_1_of_4_tp span_1_of_2_pl span_1_of_2_pp col-4 col vcex-isotope-entry post-2737 entry type-post has-media cat-68 cat-575 cat-39 cat-565 translation_priority-51\"><div class=\"vcex-blog-entry-inner entry-inner wpex-first-mt-0 wpex-last-mb-0 wpex-clr\"><div class=\"vcex-blog-entry-media entry-media\"><a href=\"https:\/\/mto.org\/de\/ueberblendung-jump-cut-und-cut\/\" title=\"\u00dcberblendung, Jump Cut und Cut in\"><img loading=\"lazy\" decoding=\"async\" data-no-lazy=\"1\" class=\"vcex-blog-entry-img wpex-align-middle skip-lazy\" src=\"https:\/\/mto.org\/wp-content\/uploads\/2020\/08\/berblendung-Jump-cut-und-in.jpg\" alt=\"\" width=\"1024\" height=\"768\" \/><\/a><\/div><div class=\"vcex-blog-entry-details entry-details wpex-bordered wpex-first-mt-0 wpex-last-mb-0 wpex-clr\"><h3 class=\"vcex-blog-entry-title entry-title wpex-mb-5\"><a href=\"https:\/\/mto.org\/de\/ueberblendung-jump-cut-und-cut\/\">\u00dcberblendung, Jump Cut und Cut in<\/a><\/h3><div class=\"vcex-blog-entry-date entry-date wpex-text-sm wpex-text-gray-600 wpex-mb-5\" style=\"color:#f2a81d;font-size:11px;\">15. August 2020<\/div><div class=\"vcex-blog-entry-excerpt entry-excerpt wpex-my-15 wpex-last-mb-0 wpex-clr\"><p>Ja, so kann auch ein Samstagvormittag aussehen. Wir unterst\u00fctzen gerade unsere Online Community von Frankfurt&hellip;<\/p><\/div><div class=\"vcex-blog-entry-readmore-wrap entry-readmore-wrap wpex-my-15 wpex-clr\"><a href=\"https:\/\/mto.org\/de\/ueberblendung-jump-cut-und-cut\/\" class=\"theme-button\">weiterlesen <span class=\"vcex-readmore-rarr\">&rarr;<\/span><\/a><\/div><\/div><\/div><\/div><div class=\"vcex-blog-entry vcex-grid-item entry-has-details span_1_of_4 span_1_of_4_tl span_1_of_4_tp span_1_of_2_pl span_1_of_2_pp col-1 col vcex-isotope-entry post-2009 entry type-post has-media cat-68 cat-575 cat-73 cat-575 translation_priority-51\"><div class=\"vcex-blog-entry-inner entry-inner wpex-first-mt-0 wpex-last-mb-0 wpex-clr\"><div class=\"vcex-blog-entry-media entry-media\"><a href=\"https:\/\/mto.org\/de\/karnevalsfeier-2020-der-arche-duesseldorf\/\" title=\"Karnevalsfeier 2020 in der Arche D\u00fcsseldorf\"><img loading=\"lazy\" decoding=\"async\" data-no-lazy=\"1\" class=\"vcex-blog-entry-img wpex-align-middle skip-lazy\" src=\"https:\/\/mto.org\/wp-content\/uploads\/2019\/03\/e0b59cc4-0677-4165-8d4f-93fd1a31271d.jpg\" alt=\"\" width=\"1600\" height=\"1200\" \/><\/a><\/div><div class=\"vcex-blog-entry-details entry-details wpex-bordered wpex-first-mt-0 wpex-last-mb-0 wpex-clr\"><h3 class=\"vcex-blog-entry-title entry-title wpex-mb-5\"><a href=\"https:\/\/mto.org\/de\/karnevalsfeier-2020-der-arche-duesseldorf\/\">Karnevalsfeier 2020 in der Arche D\u00fcsseldorf<\/a><\/h3><div class=\"vcex-blog-entry-date entry-date wpex-text-sm wpex-text-gray-600 wpex-mb-5\" style=\"color:#f2a81d;font-size:11px;\">26. Januar 2020<\/div><div class=\"vcex-blog-entry-excerpt entry-excerpt wpex-my-15 wpex-last-mb-0 wpex-clr\"><p>Am 20.02.2020 findet wieder die j\u00e4hrliche Karnevalsfeier in der ARCHE D\u00fcsseldorf statt, an der auch&hellip;<\/p><\/div><div class=\"vcex-blog-entry-readmore-wrap entry-readmore-wrap wpex-my-15 wpex-clr\"><a href=\"https:\/\/mto.org\/de\/karnevalsfeier-2020-der-arche-duesseldorf\/\" class=\"theme-button\">weiterlesen <span class=\"vcex-readmore-rarr\">&rarr;<\/span><\/a><\/div><\/div><\/div><\/div><div class=\"vcex-blog-entry vcex-grid-item entry-has-details span_1_of_4 span_1_of_4_tl span_1_of_4_tp span_1_of_2_pl span_1_of_2_pp col-2 col vcex-isotope-entry post-2026 entry type-post no-media cat-68 cat-575 translation_priority-51\"><div class=\"vcex-blog-entry-inner entry-inner wpex-first-mt-0 wpex-last-mb-0 wpex-clr\"><div class=\"vcex-blog-entry-details entry-details wpex-bordered wpex-first-mt-0 wpex-last-mb-0 wpex-clr\"><h3 class=\"vcex-blog-entry-title entry-title wpex-mb-5\"><a href=\"https:\/\/mto.org\/de\/religionsunterricht-oeffentlichen-schulen\/\">Religionsunterricht an \u00f6ffentlichen Schulen<\/a><\/h3><div class=\"vcex-blog-entry-date entry-date wpex-text-sm wpex-text-gray-600 wpex-mb-5\" style=\"color:#f2a81d;font-size:11px;\">26. Januar 2020<\/div><div class=\"vcex-blog-entry-excerpt entry-excerpt wpex-my-15 wpex-last-mb-0 wpex-clr\"><p>Eins unserer MTO-Mitgliederinnen, Frau Mariam Daioleslam, hat im November 2019 die Lehrerlaubnis (Idschaza) f\u00fcr den&hellip;<\/p><\/div><div class=\"vcex-blog-entry-readmore-wrap entry-readmore-wrap wpex-my-15 wpex-clr\"><a href=\"https:\/\/mto.org\/de\/religionsunterricht-oeffentlichen-schulen\/\" class=\"theme-button\">weiterlesen <span class=\"vcex-readmore-rarr\">&rarr;<\/span><\/a><\/div><\/div><\/div><\/div><div class=\"vcex-blog-entry vcex-grid-item entry-has-details span_1_of_4 span_1_of_4_tl span_1_of_4_tp span_1_of_2_pl span_1_of_2_pp col-3 col vcex-isotope-entry post-1901 entry type-post has-media cat-68 cat-575 cat-31 cat-570 cat-73 cat-575 translation_priority-51\"><div class=\"vcex-blog-entry-inner entry-inner wpex-first-mt-0 wpex-last-mb-0 wpex-clr\"><div class=\"vcex-blog-entry-media entry-media\"><a href=\"https:\/\/mto.org\/de\/gemeinsam-und-achtsam-zur-besinnung-kommen\/\" title=\"Einl\u00e4utung der Vorweihnachtszeit: gemeinsam und achtsam zur Besinnung kommen\"><img loading=\"lazy\" decoding=\"async\" data-no-lazy=\"1\" class=\"vcex-blog-entry-img wpex-align-middle skip-lazy\" src=\"https:\/\/mto.org\/wp-content\/uploads\/2019\/11\/Arche_Platzchen-backen_Nov19_web5.jpg\" alt=\"\" width=\"950\" height=\"713\" \/><\/a><\/div><div class=\"vcex-blog-entry-details entry-details wpex-bordered wpex-first-mt-0 wpex-last-mb-0 wpex-clr\"><h3 class=\"vcex-blog-entry-title entry-title wpex-mb-5\"><a href=\"https:\/\/mto.org\/de\/gemeinsam-und-achtsam-zur-besinnung-kommen\/\">Einl\u00e4utung der Vorweihnachtszeit: gemeinsam und achtsam zur Besinnung kommen<\/a><\/h3><div class=\"vcex-blog-entry-date entry-date wpex-text-sm wpex-text-gray-600 wpex-mb-5\" style=\"color:#f2a81d;font-size:11px;\">10. November 2019<\/div><div class=\"vcex-blog-entry-excerpt entry-excerpt wpex-my-15 wpex-last-mb-0 wpex-clr\"><p>Endlich mal den Alltag beiseite schieben und in Ruhe und bewusst einen Teig zwischen den&hellip;<\/p><\/div><div class=\"vcex-blog-entry-readmore-wrap entry-readmore-wrap wpex-my-15 wpex-clr\"><a href=\"https:\/\/mto.org\/de\/gemeinsam-und-achtsam-zur-besinnung-kommen\/\" class=\"theme-button\">weiterlesen <span class=\"vcex-readmore-rarr\">&rarr;<\/span><\/a><\/div><\/div><\/div><\/div><div class=\"vcex-blog-entry vcex-grid-item entry-has-details span_1_of_4 span_1_of_4_tl span_1_of_4_tp span_1_of_2_pl span_1_of_2_pp col-4 col vcex-isotope-entry post-1916 entry type-post has-media cat-68 cat-575 cat-73 cat-575 cat-31 cat-570 translation_priority-51\"><div class=\"vcex-blog-entry-inner entry-inner wpex-first-mt-0 wpex-last-mb-0 wpex-clr\"><div class=\"vcex-blog-entry-media entry-media\"><a href=\"https:\/\/mto.org\/de\/mto-lesepaten-aktion\/\" title=\"MTO LesepatInnen Aktion\"><img loading=\"lazy\" decoding=\"async\" data-no-lazy=\"1\" class=\"vcex-blog-entry-img wpex-align-middle skip-lazy\" src=\"https:\/\/mto.org\/wp-content\/uploads\/2019\/11\/Charity-Lesepate.jpg\" alt=\"\" width=\"750\" height=\"570\" \/><\/a><\/div><div class=\"vcex-blog-entry-details entry-details wpex-bordered wpex-first-mt-0 wpex-last-mb-0 wpex-clr\"><h3 class=\"vcex-blog-entry-title entry-title wpex-mb-5\"><a href=\"https:\/\/mto.org\/de\/mto-lesepaten-aktion\/\">MTO LesepatInnen Aktion<\/a><\/h3><div class=\"vcex-blog-entry-date entry-date wpex-text-sm wpex-text-gray-600 wpex-mb-5\" style=\"color:#f2a81d;font-size:11px;\">10. November 2019<\/div><div class=\"vcex-blog-entry-excerpt entry-excerpt wpex-my-15 wpex-last-mb-0 wpex-clr\"><p>Seit April 2018 sind die Sch\u00fclerInnen der MTO-Sufi-Schule die Lese-PatInnen f\u00fcr Kinder der ARCHE. Hierbei&hellip;<\/p><\/div><div class=\"vcex-blog-entry-readmore-wrap entry-readmore-wrap wpex-my-15 wpex-clr\"><a href=\"https:\/\/mto.org\/de\/mto-lesepaten-aktion\/\" class=\"theme-button\">weiterlesen <span class=\"vcex-readmore-rarr\">&rarr;<\/span><\/a><\/div><\/div><\/div><\/div><\/div><div class=\"wpex-pagination wpex-clear wpex-mt-30 wpex-clr\"><ul class='page-numbers'>\n\t<li><span aria-current=\"page\" class=\"page-numbers current\"><span class=\"screen-reader-text\">Seite <\/span>1<\/span><\/li>\n\t<li><a class=\"page-numbers\" href=\"https:\/\/mto.org\/de\/wp-json\/wp\/v2\/pages\/6270\/page\/2\/\"><span class=\"screen-reader-text\">Seite <\/span>2<\/a><\/li>\n\t<li><a class=\"next page-numbers\" href=\"https:\/\/mto.org\/de\/wp-json\/wp\/v2\/pages\/6270\/page\/2\/\"><span class=\"ticon ticon-angle-right\" aria-hidden=\"true\"><\/span><span class=\"screen-reader-text\">Vorw\u00e4rts<\/span><\/a><\/li>\n<\/ul>\n<\/div><\/div>[\/vc_column][\/vc_row]\n","protected":false},"excerpt":{"rendered":"<p>[vc_row column_spacing=&#8220;0px&#8220; css=&#8220;.vc_custom_1663606677048{margin-bottom: 80px !important;padding-top: 80px !important;}&#8220;][vc_column][vc_separator color=&#8220;black&#8220; css=&#8220;.vc_custom_1663609128836{margin-bottom: 8px !important;}&#8220;][vc_row_inner gap=&#8220;4&#8243; css=&#8220;.vc_custom_1663609203374{padding-right: 8px !important;padding-left: 8px !important;}&#8220;][vc_column_inner width=&#8220;1\/4&#8243;][\/vc_column_inner][vc_column_inner width=&#8220;1\/4&#8243;][\/vc_column_inner][vc_column_inner width=&#8220;1\/4&#8243;][\/vc_column_inner][vc_column_inner width=&#8220;1\/4&#8243;][\/vc_column_inner][\/vc_row_inner][\/vc_column][\/vc_row][vc_row][vc_column][\/vc_column][\/vc_row]<\/p>\n","protected":false},"author":1,"featured_media":0,"parent":6262,"menu_order":0,"comment_status":"closed","ping_status":"closed","template":"","meta":{"_EventAllDay":false,"_EventTimezone":"","_EventStartDate":"","_EventEndDate":"","_EventStartDateUTC":"","_EventEndDateUTC":"","_EventShowMap":false,"_EventShowMapLink":false,"_EventURL":"","_EventCost":"","_EventCostDescription":"","_EventCurrencySymbol":"","_EventCurrencyCode":"","_EventCurrencyPosition":"","_EventDateTimeSeparator":"","_EventTimeRangeSeparator":"","_EventOrganizerID":[],"_EventVenueID":[],"_OrganizerEmail":"","_OrganizerPhone":"","_OrganizerWebsite":"","_VenueAddress":"","_VenueCity":"","_VenueCountry":"","_VenueProvince":"","_VenueState":"","_VenueZip":"","_VenuePhone":"","_VenueURL":"","_VenueStateProvince":"","_VenueLat":"","_VenueLng":"","_VenueShowMap":false,"_VenueShowMapLink":false,"footnotes":""},"class_list":["post-6270","page","type-page","status-publish","hentry","entry","has-media"],"yoast_head":"<!-- This site is optimized with the Yoast SEO plugin v24.8.1 - https:\/\/yoast.com\/wordpress\/plugins\/seo\/ -->\n<title>Unser Beitrag - MTO Shahmaghsoudi<\/title>\n<meta name=\"robots\" content=\"index, follow, max-snippet:-1, max-image-preview:large, max-video-preview:-1\" \/>\n<link rel=\"canonical\" href=\"https:\/\/mto.org\/de\/nachrichten-und-geschichten\/unser-beitrag\/\" \/>\n<meta property=\"og:locale\" content=\"de_DE\" \/>\n<meta property=\"og:type\" content=\"article\" \/>\n<meta property=\"og:title\" content=\"Unser Beitrag - MTO Shahmaghsoudi\" \/>\n<meta property=\"og:description\" content=\"[vc_row column_spacing=&#8220;0px&#8220; css=&#8220;.vc_custom_1663606677048{margin-bottom: 80px !important;padding-top: 80px !important;}&#8220;][vc_column][vc_separator color=&#8220;black&#8220; css=&#8220;.vc_custom_1663609128836{margin-bottom: 8px !important;}&#8220;][vc_row_inner gap=&#8220;4&#8243; css=&#8220;.vc_custom_1663609203374{padding-right: 8px !important;padding-left: 8px !important;}&#8220;][vc_column_inner width=&#8220;1\/4&#8243;][\/vc_column_inner][vc_column_inner width=&#8220;1\/4&#8243;][\/vc_column_inner][vc_column_inner width=&#8220;1\/4&#8243;][\/vc_column_inner][vc_column_inner width=&#8220;1\/4&#8243;][\/vc_column_inner][\/vc_row_inner][\/vc_column][\/vc_row][vc_row][vc_column][\/vc_column][\/vc_row]\" \/>\n<meta property=\"og:url\" content=\"https:\/\/mto.org\/de\/nachrichten-und-geschichten\/unser-beitrag\/\" \/>\n<meta property=\"og:site_name\" content=\"MTO Shahmaghsoudi\" \/>\n<meta property=\"article:publisher\" content=\"https:\/\/www.facebook.com\/mtoshahmaghsoudi\" \/>\n<meta name=\"twitter:card\" content=\"summary_large_image\" \/>\n<meta name=\"twitter:site\" content=\"@mtoshahmaghsoud\" \/>\n<meta name=\"twitter:label1\" content=\"Gesch\u00e4tzte Lesezeit\" \/>\n\t<meta name=\"twitter:data1\" content=\"2\u00a0Minuten\" \/>\n<script type=\"application\/ld+json\" class=\"yoast-schema-graph\">{\"@context\":\"https:\/\/schema.org\",\"@graph\":[{\"@type\":\"WebPage\",\"@id\":\"https:\/\/mto.org\/de\/nachrichten-und-geschichten\/unser-beitrag\/\",\"url\":\"https:\/\/mto.org\/de\/nachrichten-und-geschichten\/unser-beitrag\/\",\"name\":\"Unser Beitrag - MTO Shahmaghsoudi\",\"isPartOf\":{\"@id\":\"https:\/\/mto.org\/#website\"},\"datePublished\":\"2023-02-01T17:51:24+00:00\",\"breadcrumb\":{\"@id\":\"https:\/\/mto.org\/de\/nachrichten-und-geschichten\/unser-beitrag\/#breadcrumb\"},\"inLanguage\":\"de\",\"potentialAction\":[{\"@type\":\"ReadAction\",\"target\":[\"https:\/\/mto.org\/de\/nachrichten-und-geschichten\/unser-beitrag\/\"]}]},{\"@type\":\"BreadcrumbList\",\"@id\":\"https:\/\/mto.org\/de\/nachrichten-und-geschichten\/unser-beitrag\/#breadcrumb\",\"itemListElement\":[{\"@type\":\"ListItem\",\"position\":1,\"name\":\"Home\",\"item\":\"https:\/\/mto.org\/de\/\"},{\"@type\":\"ListItem\",\"position\":2,\"name\":\"Nachrichten und Aktivit\u00e4ten\",\"item\":\"https:\/\/mto.org\/de\/nachrichten-und-geschichten\/\"},{\"@type\":\"ListItem\",\"position\":3,\"name\":\"Unser Beitrag\"}]},{\"@type\":\"WebSite\",\"@id\":\"https:\/\/mto.org\/#website\",\"url\":\"https:\/\/mto.org\/\",\"name\":\"MTO Shahmaghsoudi\",\"description\":\"School of Islamic Sufism\",\"publisher\":{\"@id\":\"https:\/\/mto.org\/#organization\"},\"potentialAction\":[{\"@type\":\"SearchAction\",\"target\":{\"@type\":\"EntryPoint\",\"urlTemplate\":\"https:\/\/mto.org\/?s={search_term_string}\"},\"query-input\":{\"@type\":\"PropertyValueSpecification\",\"valueRequired\":true,\"valueName\":\"search_term_string\"}}],\"inLanguage\":\"de\"},{\"@type\":\"Organization\",\"@id\":\"https:\/\/mto.org\/#organization\",\"name\":\"MTO Shahmaghsoudi\",\"url\":\"https:\/\/mto.org\/\",\"logo\":{\"@type\":\"ImageObject\",\"inLanguage\":\"de\",\"@id\":\"https:\/\/mto.org\/#\/schema\/logo\/image\/\",\"url\":\"https:\/\/mto.org\/wp-content\/uploads\/2023\/03\/MTO_LOGO_Header.png\",\"contentUrl\":\"https:\/\/mto.org\/wp-content\/uploads\/2023\/03\/MTO_LOGO_Header.png\",\"width\":200,\"height\":200,\"caption\":\"MTO Shahmaghsoudi\"},\"image\":{\"@id\":\"https:\/\/mto.org\/#\/schema\/logo\/image\/\"},\"sameAs\":[\"https:\/\/www.facebook.com\/mtoshahmaghsoudi\",\"https:\/\/x.com\/mtoshahmaghsoud\",\"https:\/\/www.instagram.com\/mtoshahmaghsoudi\/\"]}]}<\/script>\n<!-- \/ Yoast SEO plugin. -->","yoast_head_json":{"title":"Unser Beitrag - MTO Shahmaghsoudi","robots":{"index":"index","follow":"follow","max-snippet":"max-snippet:-1","max-image-preview":"max-image-preview:large","max-video-preview":"max-video-preview:-1"},"canonical":"https:\/\/mto.org\/de\/nachrichten-und-geschichten\/unser-beitrag\/","og_locale":"de_DE","og_type":"article","og_title":"Unser Beitrag - MTO Shahmaghsoudi","og_description":"[vc_row column_spacing=&#8220;0px&#8220; css=&#8220;.vc_custom_1663606677048{margin-bottom: 80px !important;padding-top: 80px !important;}&#8220;][vc_column][vc_separator color=&#8220;black&#8220; css=&#8220;.vc_custom_1663609128836{margin-bottom: 8px !important;}&#8220;][vc_row_inner gap=&#8220;4&#8243; css=&#8220;.vc_custom_1663609203374{padding-right: 8px !important;padding-left: 8px !important;}&#8220;][vc_column_inner width=&#8220;1\/4&#8243;][\/vc_column_inner][vc_column_inner width=&#8220;1\/4&#8243;][\/vc_column_inner][vc_column_inner width=&#8220;1\/4&#8243;][\/vc_column_inner][vc_column_inner width=&#8220;1\/4&#8243;][\/vc_column_inner][\/vc_row_inner][\/vc_column][\/vc_row][vc_row][vc_column][\/vc_column][\/vc_row]","og_url":"https:\/\/mto.org\/de\/nachrichten-und-geschichten\/unser-beitrag\/","og_site_name":"MTO Shahmaghsoudi","article_publisher":"https:\/\/www.facebook.com\/mtoshahmaghsoudi","twitter_card":"summary_large_image","twitter_site":"@mtoshahmaghsoud","twitter_misc":{"Gesch\u00e4tzte Lesezeit":"2\u00a0Minuten"},"schema":{"@context":"https:\/\/schema.org","@graph":[{"@type":"WebPage","@id":"https:\/\/mto.org\/de\/nachrichten-und-geschichten\/unser-beitrag\/","url":"https:\/\/mto.org\/de\/nachrichten-und-geschichten\/unser-beitrag\/","name":"Unser Beitrag - MTO Shahmaghsoudi","isPartOf":{"@id":"https:\/\/mto.org\/#website"},"datePublished":"2023-02-01T17:51:24+00:00","breadcrumb":{"@id":"https:\/\/mto.org\/de\/nachrichten-und-geschichten\/unser-beitrag\/#breadcrumb"},"inLanguage":"de","potentialAction":[{"@type":"ReadAction","target":["https:\/\/mto.org\/de\/nachrichten-und-geschichten\/unser-beitrag\/"]}]},{"@type":"BreadcrumbList","@id":"https:\/\/mto.org\/de\/nachrichten-und-geschichten\/unser-beitrag\/#breadcrumb","itemListElement":[{"@type":"ListItem","position":1,"name":"Home","item":"https:\/\/mto.org\/de\/"},{"@type":"ListItem","position":2,"name":"Nachrichten und Aktivit\u00e4ten","item":"https:\/\/mto.org\/de\/nachrichten-und-geschichten\/"},{"@type":"ListItem","position":3,"name":"Unser Beitrag"}]},{"@type":"WebSite","@id":"https:\/\/mto.org\/#website","url":"https:\/\/mto.org\/","name":"MTO Shahmaghsoudi","description":"School of Islamic Sufism","publisher":{"@id":"https:\/\/mto.org\/#organization"},"potentialAction":[{"@type":"SearchAction","target":{"@type":"EntryPoint","urlTemplate":"https:\/\/mto.org\/?s={search_term_string}"},"query-input":{"@type":"PropertyValueSpecification","valueRequired":true,"valueName":"search_term_string"}}],"inLanguage":"de"},{"@type":"Organization","@id":"https:\/\/mto.org\/#organization","name":"MTO Shahmaghsoudi","url":"https:\/\/mto.org\/","logo":{"@type":"ImageObject","inLanguage":"de","@id":"https:\/\/mto.org\/#\/schema\/logo\/image\/","url":"https:\/\/mto.org\/wp-content\/uploads\/2023\/03\/MTO_LOGO_Header.png","contentUrl":"https:\/\/mto.org\/wp-content\/uploads\/2023\/03\/MTO_LOGO_Header.png","width":200,"height":200,"caption":"MTO Shahmaghsoudi"},"image":{"@id":"https:\/\/mto.org\/#\/schema\/logo\/image\/"},"sameAs":["https:\/\/www.facebook.com\/mtoshahmaghsoudi","https:\/\/x.com\/mtoshahmaghsoud","https:\/\/www.instagram.com\/mtoshahmaghsoudi\/"]}]}},"_links":{"self":[{"href":"https:\/\/mto.org\/de\/wp-json\/wp\/v2\/pages\/6270","targetHints":{"allow":["GET"]}}],"collection":[{"href":"https:\/\/mto.org\/de\/wp-json\/wp\/v2\/pages"}],"about":[{"href":"https:\/\/mto.org\/de\/wp-json\/wp\/v2\/types\/page"}],"author":[{"embeddable":true,"href":"https:\/\/mto.org\/de\/wp-json\/wp\/v2\/users\/1"}],"replies":[{"embeddable":true,"href":"https:\/\/mto.org\/de\/wp-json\/wp\/v2\/comments?post=6270"}],"version-history":[{"count":0,"href":"https:\/\/mto.org\/de\/wp-json\/wp\/v2\/pages\/6270\/revisions"}],"up":[{"embeddable":true,"href":"https:\/\/mto.org\/de\/wp-json\/wp\/v2\/pages\/6262"}],"wp:attachment":[{"href":"https:\/\/mto.org\/de\/wp-json\/wp\/v2\/media?parent=6270"}],"curies":[{"name":"wp","href":"https:\/\/api.w.org\/{rel}","templated":true}]}}